{"id":113,"date":"2017-05-16T06:58:28","date_gmt":"2017-05-16T04:58:28","guid":{"rendered":"https:\/\/www.oignon-de-roscoff.fr\/?page_id=113"},"modified":"2025-08-06T09:56:22","modified_gmt":"2025-08-06T07:56:22","slug":"nos-actualites","status":"publish","type":"page","link":"https:\/\/www.oignon-de-roscoff.fr\/index.php\/nos-actualites\/","title":{"rendered":"Actus"},"content":{"rendered":"\n<p><strong>F\u00eate de l&#8217;Oignon de ROSCOFF 2024 : 23 &amp; 24<\/strong> <strong>AO\u00dbT <\/strong><\/p>\n\n\n\n<figure class=\"wp-block-image size-large is-resized\"><img loading=\"lazy\" decoding=\"async\" width=\"700\" height=\"991\" src=\"https:\/\/www.oignon-de-roscoff.fr\/wp-content\/uploads\/2025\/08\/Affiche-fete-de-loignon-2025_page-0001-3-700x991.jpg\" alt=\"\" class=\"wp-image-1188\" style=\"width:334px;height:auto\" srcset=\"https:\/\/www.oignon-de-roscoff.fr\/wp-content\/uploads\/2025\/08\/Affiche-fete-de-loignon-2025_page-0001-3-700x991.jpg 700w, https:\/\/www.oignon-de-roscoff.fr\/wp-content\/uploads\/2025\/08\/Affiche-fete-de-loignon-2025_page-0001-3-250x354.jpg 250w, https:\/\/www.oignon-de-roscoff.fr\/wp-content\/uploads\/2025\/08\/Affiche-fete-de-loignon-2025_page-0001-3-768x1087.jpg 768w, https:\/\/www.oignon-de-roscoff.fr\/wp-content\/uploads\/2025\/08\/Affiche-fete-de-loignon-2025_page-0001-3-1085x1536.jpg 1085w, https:\/\/www.oignon-de-roscoff.fr\/wp-content\/uploads\/2025\/08\/Affiche-fete-de-loignon-2025_page-0001-3-1446x2048.jpg 1446w, https:\/\/www.oignon-de-roscoff.fr\/wp-content\/uploads\/2025\/08\/Affiche-fete-de-loignon-2025_page-0001-3-scaled.jpg 1808w\" sizes=\"(max-width: 700px) 100vw, 700px\" \/><\/figure>\n\n\n\n<p><strong>F\u00eate de l&#8217;Oignon de ROSCOFF 2024 : 24 &amp; 25<\/strong><\/p>\n\n\n\n<figure class=\"wp-block-image size-large is-resized\"><img loading=\"lazy\" decoding=\"async\" width=\"700\" height=\"985\" src=\"https:\/\/oignonderoscoff.fr\/wp-content\/uploads\/2024\/08\/Affiche-oignon-A4-fonds-perdus_page-0001-700x985.jpg\" alt=\"\" class=\"wp-image-1176\" style=\"width:287px;height:auto\" srcset=\"https:\/\/www.oignon-de-roscoff.fr\/wp-content\/uploads\/2024\/08\/Affiche-oignon-A4-fonds-perdus_page-0001-700x985.jpg 700w, https:\/\/www.oignon-de-roscoff.fr\/wp-content\/uploads\/2024\/08\/Affiche-oignon-A4-fonds-perdus_page-0001-250x352.jpg 250w, https:\/\/www.oignon-de-roscoff.fr\/wp-content\/uploads\/2024\/08\/Affiche-oignon-A4-fonds-perdus_page-0001-768x1080.jpg 768w, https:\/\/www.oignon-de-roscoff.fr\/wp-content\/uploads\/2024\/08\/Affiche-oignon-A4-fonds-perdus_page-0001-1092x1536.jpg 1092w, https:\/\/www.oignon-de-roscoff.fr\/wp-content\/uploads\/2024\/08\/Affiche-oignon-A4-fonds-perdus_page-0001.jpg 1264w\" sizes=\"(max-width: 700px) 100vw, 700px\" \/><\/figure>\n\n\n\n<p><a href=\"https:\/\/festivalaocaop.fr\/\" data-type=\"link\" data-id=\"https:\/\/festivalaocaop.fr\/\">Festival Cambremer<\/a> <\/p>\n\n\n\n<p>Venez nous retrouver le 04 et 05 mai 2024 au Festival Cambremer en Normandie ! <\/p>\n\n\n\n<figure class=\"wp-block-image size-large\"><img loading=\"lazy\" decoding=\"async\" width=\"700\" height=\"237\" src=\"https:\/\/www.oignon-de-roscoff.fr\/wp-content\/uploads\/2024\/04\/Festival-Cambremer-2024-Banniere-Web-1920x650px-1-700x237.png\" alt=\"\" class=\"wp-image-1144\" srcset=\"https:\/\/www.oignon-de-roscoff.fr\/wp-content\/uploads\/2024\/04\/Festival-Cambremer-2024-Banniere-Web-1920x650px-1-700x237.png 700w, https:\/\/www.oignon-de-roscoff.fr\/wp-content\/uploads\/2024\/04\/Festival-Cambremer-2024-Banniere-Web-1920x650px-1-250x85.png 250w, https:\/\/www.oignon-de-roscoff.fr\/wp-content\/uploads\/2024\/04\/Festival-Cambremer-2024-Banniere-Web-1920x650px-1-768x260.png 768w, https:\/\/www.oignon-de-roscoff.fr\/wp-content\/uploads\/2024\/04\/Festival-Cambremer-2024-Banniere-Web-1920x650px-1-1536x520.png 1536w, https:\/\/www.oignon-de-roscoff.fr\/wp-content\/uploads\/2024\/04\/Festival-Cambremer-2024-Banniere-Web-1920x650px-1.png 1920w\" sizes=\"(max-width: 700px) 100vw, 700px\" \/><\/figure>\n\n\n\n<p class=\"has-medium-font-size\"><strong><a href=\"https:\/\/www.salon-agriculture.com\/\" data-type=\"link\" data-id=\"https:\/\/www.salon-agriculture.com\/\">Salon International de l&#8217;Agriculture<\/a><\/strong> : retrouvez-nous le jeudi 29 f\u00e9vrier <\/p>\n\n\n\n<p>Jeudi 29 f\u00e9vrier le syndicat de l&#8217;Oignon de Roscoff sera \u00e0 l&#8217;honneur toute la journ\u00e9e sur le stand <a href=\"https:\/\/www.salon-agriculture.com\/A-voir-sur-le-salon\/Decouvrir-les-produits-de-nos-regions-et-du-monde\/Produits-et-saveurs-de-France-Pavillons-3-et-7.1\/Les-Terres-Mers-de-Bretagne-vous-attendent-au-Pavillon-7.1\" data-type=\"link\" data-id=\"https:\/\/www.salon-agriculture.com\/A-voir-sur-le-salon\/Decouvrir-les-produits-de-nos-regions-et-du-monde\/Produits-et-saveurs-de-France-Pavillons-3-et-7.1\/Les-Terres-Mers-de-Bretagne-vous-attendent-au-Pavillon-7.1\">village terres &amp; mers de Bretagne <\/a>. <a href=\"https:\/\/bretagne.chambres-agriculture.fr\/\" data-type=\"link\" data-id=\"https:\/\/bretagne.chambres-agriculture.fr\/\">Chambre d&#8217;agriculture de Bretagne <\/a><\/p>\n\n\n\n<figure class=\"wp-block-image size-large is-resized\"><img loading=\"lazy\" decoding=\"async\" width=\"700\" height=\"700\" src=\"https:\/\/www.oignon-de-roscoff.fr\/wp-content\/uploads\/2024\/02\/image-SIA-700x700.webp\" alt=\"\" class=\"wp-image-1089\" style=\"width:392px;height:auto\" srcset=\"https:\/\/www.oignon-de-roscoff.fr\/wp-content\/uploads\/2024\/02\/image-SIA-700x700.webp 700w, https:\/\/www.oignon-de-roscoff.fr\/wp-content\/uploads\/2024\/02\/image-SIA-250x250.webp 250w, https:\/\/www.oignon-de-roscoff.fr\/wp-content\/uploads\/2024\/02\/image-SIA-150x150.webp 150w, https:\/\/www.oignon-de-roscoff.fr\/wp-content\/uploads\/2024\/02\/image-SIA-768x768.webp 768w, https:\/\/www.oignon-de-roscoff.fr\/wp-content\/uploads\/2024\/02\/image-SIA-100x100.webp 100w, https:\/\/www.oignon-de-roscoff.fr\/wp-content\/uploads\/2024\/02\/image-SIA-120x120.webp 120w, https:\/\/www.oignon-de-roscoff.fr\/wp-content\/uploads\/2024\/02\/image-SIA-300x300.webp 300w, https:\/\/www.oignon-de-roscoff.fr\/wp-content\/uploads\/2024\/02\/image-SIA.webp 1206w\" sizes=\"(max-width: 700px) 100vw, 700px\" \/><\/figure>\n\n\n\n<h2 class=\"wp-block-heading\"><strong>F\u00eate de l&#8217;Oignon de Roscoff 2023 : 19 &amp; 20 ao\u00fbt<\/strong><\/h2>\n\n\n\n<p>Programme et informations pratiques :<a href=\"https:\/\/www.tourismebretagne.com\/offres\/fete-de-loignon-de-roscoff-roscoff-fr-2056132\/\">&nbsp;http:\/\/www.tourismebretagne.com\/a-voir-a-faire\/les-evenements\/fete-de-l-oignon-de-roscoff<\/a>.<\/p>\n\n\n\n<figure class=\"wp-block-image size-large is-resized\"><img loading=\"lazy\" decoding=\"async\" width=\"700\" height=\"990\" src=\"https:\/\/www.oignon-de-roscoff.fr\/wp-content\/uploads\/2023\/07\/2023-FETE-DE-LOIGNON-10_page-0001-700x990.jpg\" alt=\"\" class=\"wp-image-1058\" style=\"width:243px;height:344px\" srcset=\"https:\/\/www.oignon-de-roscoff.fr\/wp-content\/uploads\/2023\/07\/2023-FETE-DE-LOIGNON-10_page-0001-700x990.jpg 700w, https:\/\/www.oignon-de-roscoff.fr\/wp-content\/uploads\/2023\/07\/2023-FETE-DE-LOIGNON-10_page-0001-250x354.jpg 250w, https:\/\/www.oignon-de-roscoff.fr\/wp-content\/uploads\/2023\/07\/2023-FETE-DE-LOIGNON-10_page-0001-768x1086.jpg 768w, https:\/\/www.oignon-de-roscoff.fr\/wp-content\/uploads\/2023\/07\/2023-FETE-DE-LOIGNON-10_page-0001-1086x1536.jpg 1086w, https:\/\/www.oignon-de-roscoff.fr\/wp-content\/uploads\/2023\/07\/2023-FETE-DE-LOIGNON-10_page-0001-1448x2048.jpg 1448w, https:\/\/www.oignon-de-roscoff.fr\/wp-content\/uploads\/2023\/07\/2023-FETE-DE-LOIGNON-10_page-0001-scaled.jpg 1810w\" sizes=\"(max-width: 700px) 100vw, 700px\" \/><\/figure>\n\n\n\n<div class=\"wp-block-group\"><div class=\"wp-block-group__inner-container is-layout-flow wp-block-group-is-layout-flow\">\n<h3 class=\"wp-block-heading\"><span style=\"background-color:rgba(0, 0, 0, 0)\" class=\"has-inline-color has-black-color\"><a href=\"https:\/\/www.salon-agriculture.com\/\">Salon International de l&#8217;Agriculture<\/a><\/span> : retrouvez-nous le vendredi 3 mars 2023<\/h3>\n\n\n<div class=\"wp-block-image\">\n<figure class=\"alignleft size-large is-resized\"><img loading=\"lazy\" decoding=\"async\" width=\"640\" height=\"336\" src=\"https:\/\/www.oignon-de-roscoff.fr\/wp-content\/uploads\/2023\/02\/salon-de-l-agriculture-a-paris-1-216927-640-0.jpg\" alt=\"\" class=\"wp-image-1005\" style=\"width:-486px;height:-254px\" srcset=\"https:\/\/www.oignon-de-roscoff.fr\/wp-content\/uploads\/2023\/02\/salon-de-l-agriculture-a-paris-1-216927-640-0.jpg 640w, https:\/\/www.oignon-de-roscoff.fr\/wp-content\/uploads\/2023\/02\/salon-de-l-agriculture-a-paris-1-216927-640-0-250x131.jpg 250w\" sizes=\"(max-width: 640px) 100vw, 640px\" \/><\/figure><\/div>\n\n\n<p style=\"font-size:1px\"><\/p>\n\n\n\n<p>Paris, parc des expositions de la Porte de Versailles<\/p>\n\n\n\n<p><em><strong>Vendredi 3<\/strong><\/em><strong style=\"font-style: italic;\"> mars :<\/strong> <strong>l&#8217;AOP Oignon de Roscoff sera \u00e0 l&#8217;honneur toute la journ\u00e9e<\/strong> sur le village Terres &amp; Mers de Bretagne<\/p>\n\n\n\n<p class=\"has-white-color has-text-color\" style=\"font-size:37px\">.<\/p>\n\n\n\n<p class=\"has-white-color has-text-color\" style=\"font-size:37px\">.<\/p>\n\n\n\n<p class=\"has-white-color has-text-color\" style=\"font-size:37px\">.<\/p>\n\n\n<div class=\"wp-block-image\">\n<figure class=\"alignleft size-large is-resized\"><img loading=\"lazy\" decoding=\"async\" width=\"700\" height=\"700\" src=\"https:\/\/www.oignon-de-roscoff.fr\/wp-content\/uploads\/2022\/12\/publication-annonce-concours-09.11--700x700.png\" alt=\"\" class=\"wp-image-993\" style=\"width:286px;height:276px\" srcset=\"https:\/\/www.oignon-de-roscoff.fr\/wp-content\/uploads\/2022\/12\/publication-annonce-concours-09.11--700x700.png 700w, https:\/\/www.oignon-de-roscoff.fr\/wp-content\/uploads\/2022\/12\/publication-annonce-concours-09.11--250x250.png 250w, https:\/\/www.oignon-de-roscoff.fr\/wp-content\/uploads\/2022\/12\/publication-annonce-concours-09.11--150x150.png 150w, https:\/\/www.oignon-de-roscoff.fr\/wp-content\/uploads\/2022\/12\/publication-annonce-concours-09.11--768x768.png 768w, https:\/\/www.oignon-de-roscoff.fr\/wp-content\/uploads\/2022\/12\/publication-annonce-concours-09.11--100x100.png 100w, https:\/\/www.oignon-de-roscoff.fr\/wp-content\/uploads\/2022\/12\/publication-annonce-concours-09.11--120x120.png 120w, https:\/\/www.oignon-de-roscoff.fr\/wp-content\/uploads\/2022\/12\/publication-annonce-concours-09.11--300x300.png 300w, https:\/\/www.oignon-de-roscoff.fr\/wp-content\/uploads\/2022\/12\/publication-annonce-concours-09.11-.png 1080w\" sizes=\"(max-width: 700px) 100vw, 700px\" \/><\/figure><\/div>\n\n\n<p style=\"font-size:37px\"><strong>Jeu concours : 9 novembre au 15 d\u00e9cembre 2022<\/strong><\/p>\n\n\n\n<p><em><strong>A gagner 8 PANIERS GARNIS :<\/strong><\/em><\/p>\n\n\n\n<p><em><strong>4 sur Instagram et 4 autres sur Facebook. Les merveilleuses gourmandises de nos partenaires raviront vos papilles pour les f\u00eates de fin d&#8217;ann\u00e9e ! <a href=\"https:\/\/www.instagram.com\/oignonderoscoffaop\/?hl=fr\">https:\/\/www.instagram.com\/oignonderoscoffaop\/?hl=fr<\/a> <a href=\"https:\/\/www.facebook.com\/oignonderoscoff\">https:\/\/www.facebook.com\/oignonderoscoff<\/a><\/strong><\/em><\/p>\n\n\n\n<p><\/p>\n\n\n\n<p><\/p>\n\n\n\n<p><\/p>\n\n\n\n<h2 class=\"wp-block-heading\"><strong>F\u00eate de l&#8217;Oignon de Roscoff 2022 : 20 &amp; 21 ao\u00fbt<\/strong><\/h2>\n\n\n\n<figure class=\"wp-block-image size-large is-resized\"><img loading=\"lazy\" decoding=\"async\" width=\"700\" height=\"990\" src=\"https:\/\/www.oignon-de-roscoff.fr\/wp-content\/uploads\/2023\/07\/Affiche-fete-de-loignon-2022_page-0001-1-700x990.jpg\" alt=\"\" class=\"wp-image-1063\" style=\"width:233px;height:330px\" srcset=\"https:\/\/www.oignon-de-roscoff.fr\/wp-content\/uploads\/2023\/07\/Affiche-fete-de-loignon-2022_page-0001-1-700x990.jpg 700w, https:\/\/www.oignon-de-roscoff.fr\/wp-content\/uploads\/2023\/07\/Affiche-fete-de-loignon-2022_page-0001-1-250x354.jpg 250w, https:\/\/www.oignon-de-roscoff.fr\/wp-content\/uploads\/2023\/07\/Affiche-fete-de-loignon-2022_page-0001-1-768x1086.jpg 768w, https:\/\/www.oignon-de-roscoff.fr\/wp-content\/uploads\/2023\/07\/Affiche-fete-de-loignon-2022_page-0001-1-1086x1536.jpg 1086w, https:\/\/www.oignon-de-roscoff.fr\/wp-content\/uploads\/2023\/07\/Affiche-fete-de-loignon-2022_page-0001-1-1448x2048.jpg 1448w, https:\/\/www.oignon-de-roscoff.fr\/wp-content\/uploads\/2023\/07\/Affiche-fete-de-loignon-2022_page-0001-1.jpg 1754w\" sizes=\"(max-width: 700px) 100vw, 700px\" \/><\/figure>\n<\/div><\/div>\n\n\n\n<p class=\"has-text-align-left has-white-color has-text-color\" style=\"font-size:30px\">.<\/p>\n\n\n\n<h2 class=\"wp-block-heading\"><strong>DRIVE \u00e0 la ferme<\/strong><\/h2>\n\n\n\n<p>Nos producteurs Roscovites \u00e0 votre service. Toutes les infos sur le d\u00e9pliant ci-joint : <a href=\"https:\/\/www.oignon-de-roscoff.fr\/wp-content\/uploads\/2020\/08\/Depliant-Roscoff-bd-site-internet-2.pdf\">D\u00e9pliant &#8220;drive \u00e0 la ferme&#8221;<\/a><\/p>\n\n\n\n<figure class=\"wp-block-image size-large is-resized\"><img loading=\"lazy\" decoding=\"async\" width=\"700\" height=\"509\" src=\"https:\/\/www.oignon-de-roscoff.fr\/wp-content\/uploads\/2022\/10\/Capture-700x509-1.png\" alt=\"\" class=\"wp-image-927\" style=\"width:553px;height:402px\" srcset=\"https:\/\/www.oignon-de-roscoff.fr\/wp-content\/uploads\/2022\/10\/Capture-700x509-1.png 700w, https:\/\/www.oignon-de-roscoff.fr\/wp-content\/uploads\/2022\/10\/Capture-700x509-1-250x182.png 250w\" sizes=\"(max-width: 700px) 100vw, 700px\" \/><\/figure>\n\n\n<h3>\u00a0<\/h3>\n<h3><a href=\"https:\/\/www.salon-agriculture.com\/\">Salon International de l&#8217;Agriculture 2020<\/a> le jeudi 27 f\u00e9vrier et le vendredi 28 f\u00e9vrier 2020<\/h3>\n<p><img loading=\"lazy\" decoding=\"async\" class=\"size-medium wp-image-821 alignleft\" src=\"https:\/\/www.oignon-de-roscoff.fr\/wp-content\/uploads\/2020\/02\/55576267_2212236948837714_5090863360589692928_n-250x95.png\" alt=\"\" width=\"250\" height=\"95\" srcset=\"https:\/\/www.oignon-de-roscoff.fr\/wp-content\/uploads\/2020\/02\/55576267_2212236948837714_5090863360589692928_n-250x95.png 250w, https:\/\/www.oignon-de-roscoff.fr\/wp-content\/uploads\/2020\/02\/55576267_2212236948837714_5090863360589692928_n-768x292.png 768w, https:\/\/www.oignon-de-roscoff.fr\/wp-content\/uploads\/2020\/02\/55576267_2212236948837714_5090863360589692928_n-700x266.png 700w, https:\/\/www.oignon-de-roscoff.fr\/wp-content\/uploads\/2020\/02\/55576267_2212236948837714_5090863360589692928_n.png 820w\" sizes=\"(max-width: 250px) 100vw, 250px\" \/><a href=\"https:\/\/www.salon-agriculture.com\/\">www.salon-agriculture.com<\/a><\/p>\n<p>Paris, parc des expositions de la Porte de Versailles<\/p>\n<\/p>\n<ul>\n<li><span style=\"color: #ffffff;\">.<\/span><em><strong>Jeudi 27 f\u00e9vrier :<\/strong><\/em> <strong>\u00e9changes avec les producteurs et d\u00e9monstrations de tressage<\/strong> de la confr\u00e9rie de l&#8217;Oignon de Roscoff sur le stand <a href=\"https:\/\/princedebretagne.com\/fr\">Prince de Bretagne<\/a> pavillon 25.2 stand D 027<\/li>\n<li><em><strong>Vendredi 28 f\u00e9vrier :<\/strong> <\/em><strong>d\u00e9gustations avec la confr\u00e9rie de l&#8217;Oignon de Roscoff et \u00e9changes avec les producteurs et johnnies<\/strong> sur le stand <a href=\"https:\/\/www.salon-agriculture.com\/Invisiblegoogle\/Catalogue-2017\/Liste-des-marques\/TERRES-MERS-DE-BRETAGNE\">Terres et Mers de Bretagne<\/a> pavillon 3 stand H106. <a style=\"font-size: inherit;\" href=\"http:\/\/www.savourezlabretagne.com\">Chambre d&#8217;Agriculture de Bretagne : savourezlabretagne.com<\/a><\/li>\n<\/ul>\n<h2>\u00a0<\/h2>\n<p><span style=\"color: #ffffff;\">.<\/span><img loading=\"lazy\" decoding=\"async\" class=\" wp-image-760 alignleft\" src=\"https:\/\/www.oignon-de-roscoff.fr\/wp-content\/uploads\/2019\/08\/201908-affiche-fete-oignon-Roscoff-250x353.jpg\" alt=\"affiche fete oignon Roscoff AOP 2019\" width=\"219\" height=\"309\" srcset=\"https:\/\/www.oignon-de-roscoff.fr\/wp-content\/uploads\/2019\/08\/201908-affiche-fete-oignon-Roscoff-250x353.jpg 250w, https:\/\/www.oignon-de-roscoff.fr\/wp-content\/uploads\/2019\/08\/201908-affiche-fete-oignon-Roscoff.jpg 679w\" sizes=\"(max-width: 219px) 100vw, 219px\" \/><\/p>\n<h3>F\u00eate de l\u2019Oignon de Roscoff : <b> 24 <\/b><b>&amp; 25 ao\u00fbt 2019<\/b><span style=\"color: #ffffff;\">.<\/span><\/h3>\n<\/p>\n<p><span style=\"color: #ffffff;\">.<\/span><\/p>\n<p><span style=\"color: #ffffff;\">.<\/span><\/p>\n<p><span style=\"color: #ffffff;\">.<\/span><\/p>\n<p><span style=\"color: #ffffff;\">.<\/span><\/p>\n<p><img loading=\"lazy\" decoding=\"async\" class=\"size-medium wp-image-802 alignleft\" src=\"https:\/\/www.oignon-de-roscoff.fr\/wp-content\/uploads\/2019\/08\/Photo-Philippe-MESURON-HD-250x167.jpeg\" alt=\"Philippe MESURON MASTER CHEF OIGNON DE ROSCOFF AOP\" width=\"250\" height=\"167\" srcset=\"https:\/\/www.oignon-de-roscoff.fr\/wp-content\/uploads\/2019\/08\/Photo-Philippe-MESURON-HD-250x167.jpeg 250w, https:\/\/www.oignon-de-roscoff.fr\/wp-content\/uploads\/2019\/08\/Photo-Philippe-MESURON-HD-768x512.jpeg 768w, https:\/\/www.oignon-de-roscoff.fr\/wp-content\/uploads\/2019\/08\/Photo-Philippe-MESURON-HD-700x467.jpeg 700w, https:\/\/www.oignon-de-roscoff.fr\/wp-content\/uploads\/2019\/08\/Photo-Philippe-MESURON-HD.jpeg 2048w\" sizes=\"(max-width: 250px) 100vw, 250px\" \/><\/p>\n<p><strong>Pour les 10 ans de l\u2019Obtention de l\u2019Appellation d\u2019Origine, le syndicat de l\u2019AOP Oignon de Roscoff invite MASTER CHEF \u00e0 la f\u00eate de l\u2019Oignon de Roscoff 2019 !<\/strong><\/p>\n<p>Programme des ateliers culinaires : <a href=\"https:\/\/www.oignon-de-roscoff.fr\/wp-content\/uploads\/2019\/08\/PROGRAMME-MASTER-CHEF-FOR2019.pdf\">ICI !<\/a><\/p>\n<p><span style=\"color: #ffffff;\">https:\/\/fr.wikipedia.org\/wiki\/MasterChef_(France)<\/span><\/p>\n<\/p>\n<p><img loading=\"lazy\" decoding=\"async\" class=\"wp-image-700 alignleft\" src=\"https:\/\/www.oignon-de-roscoff.fr\/wp-content\/uploads\/2019\/06\/Oignonde-Roscoff-AOP-10-ans-2-250x321.jpg\" alt=\"Oignonde Roscoff AOP 10 ans\" width=\"226\" height=\"290\" srcset=\"https:\/\/www.oignon-de-roscoff.fr\/wp-content\/uploads\/2019\/06\/Oignonde-Roscoff-AOP-10-ans-2-250x321.jpg 250w, https:\/\/www.oignon-de-roscoff.fr\/wp-content\/uploads\/2019\/06\/Oignonde-Roscoff-AOP-10-ans-2.jpg 404w\" sizes=\"(max-width: 226px) 100vw, 226px\" \/><\/p>\n<h3>L&#8217;Oignon de Roscoff f\u00eate les 10 ans de l&#8217;obtention de son Appellation d&#8217;Origine !<\/h3>\n<p>D\u00e9couvrez l&#8217;article du 6 juin 2019 de l&#8217; <a href=\"https:\/\/www.ouest-france.fr\/bretagne\/morlaix-29600\/l-oignon-de-roscoff-sauve-par-son-aoc-6385074?fbclid=IwAR3okAWGH8_sAfbLhmh6_DTrn7YWapaN3bq0e4tE3J2r8Zff5agsIilhrhI\">Ouest France\u00a0 :<\/a> <a href=\"https:\/\/www.ouest-france.fr\/bretagne\/morlaix-29600\/l-oignon-de-roscoff-sauve-par-son-aoc-6385074?fbclid=IwAR3okAWGH8_sAfbLhmh6_DTrn7YWapaN3bq0e4tE3J2r8Zff5agsIilhrhI\">L\u2019oignon de Roscoff sauv\u00e9 par son AOC<\/a><\/p>\n<p>Visionnez la vid\u00e9o du <a href=\"https:\/\/www.e-mag-pennarbed.fr\/edition-153\/territoire-d-excellence\/morlais\">conseil d\u00e9partemental du Finist\u00e8re : L&#8217;Oignon de Roscoff, une Appellation d&#8217;Origine depuis 10 ans<\/a> parue en juin 2019 dans le e-penn ar bed no 153.<\/p>\n<p>Le Paysan Breton titre : <a href=\"https:\/\/www.paysan-breton.fr\/2019\/06\/loignon-de-roscoff-fete-ses-10-ans\/?fbclid=IwAR2hIhh0srGGyOnWw0GTs91zDoNIUpKJ9VXkRmh6n3EDx4j7VahclmKDscE\">L&#8217;Oignon de Roscoff f\u00eate ses 10 ans<\/a> article du 21 juin 2019.<\/p>\n<\/p>\n<div id=\"attachment_707\" style=\"width: 253px\" class=\"wp-caption alignleft\"><img loading=\"lazy\" decoding=\"async\" aria-describedby=\"caption-attachment-707\" class=\" wp-image-707\" src=\"https:\/\/www.oignon-de-roscoff.fr\/wp-content\/uploads\/2019\/06\/60658535_2269974386428258_6760213150206787584_n-250x209.jpg\" alt=\"Diwan Oignon de Roscoff AOP\" width=\"243\" height=\"203\" srcset=\"https:\/\/www.oignon-de-roscoff.fr\/wp-content\/uploads\/2019\/06\/60658535_2269974386428258_6760213150206787584_n-250x209.jpg 250w, https:\/\/www.oignon-de-roscoff.fr\/wp-content\/uploads\/2019\/06\/60658535_2269974386428258_6760213150206787584_n-768x642.jpg 768w, https:\/\/www.oignon-de-roscoff.fr\/wp-content\/uploads\/2019\/06\/60658535_2269974386428258_6760213150206787584_n-700x586.jpg 700w, https:\/\/www.oignon-de-roscoff.fr\/wp-content\/uploads\/2019\/06\/60658535_2269974386428258_6760213150206787584_n.jpg 960w\" sizes=\"(max-width: 243px) 100vw, 243px\" \/><p id=\"caption-attachment-707\" class=\"wp-caption-text\"><span style=\"color: #ffffff;\">.<\/span><\/p><\/div>\n<h3><span style=\"color: #808080;\">Ognon Rosko : L&#8217;Oignon de Roscoff &#8230;en breton !<\/span><\/h3>\n<p>\u00a0 14\/05\/19 Le syndicat, <a href=\"http:\/\/www.roscoff.fr\/-Maison-des-Johnnies-et-de-l-Oignon-.html\">la maison des Johnnies et de l&#8217;Oignon de Roscoff <\/a>et <a href=\"http:\/\/www.fermedekergus.fr\/fr\/ferme-de-kergus\/\">la ferme\u00a0 de Kergus<\/a><span style=\"color: #ffffff;\">.<\/span><span style=\"color: #000000;\">s&#8217;associent pour une visite sur l&#8217;oignon en breton de l&#8217;<a href=\"http:\/\/diwankp.weebly.com\/\">\u00e9cole Diwan de St Pol de L\u00e9on.<\/a><\/span><\/p>\n<p><a href=\"https:\/\/www.letelegramme.fr\/finistere\/saint-pol-de-leon\/ecole-diwan-a-la-decouverte-des-johnnies-et-des-oignons-de-roscoff-09-06-2019-12306050.php?share_auth=30ba2c5b71797ac2417232140d8173f3&amp;fbclid=IwAR07CsIYhcm305AP-3j8qcnakmYDPs_7q8Rt2OAWpOIg9Fxd4jjfBIHdGpo#4JEIsMws7Pv38sos.01\">D\u00e9couvrez l&#8217;article du T\u00e9l\u00e9gramme<\/a><\/p>\n<\/p>\n<p><span style=\"color: #ffffff;\">.<\/span><\/p>\n<p><span style=\"color: #ffffff;\">.<\/span><\/p>\n<p><img loading=\"lazy\" decoding=\"async\" class=\"size-medium wp-image-658 alignleft\" src=\"https:\/\/www.oignon-de-roscoff.fr\/wp-content\/uploads\/2019\/04\/cambremer-2019-250x208.png\" alt=\"Festival cambremer 2019 Oignon de Roscoff AOP AOC\" width=\"250\" height=\"208\" srcset=\"https:\/\/www.oignon-de-roscoff.fr\/wp-content\/uploads\/2019\/04\/cambremer-2019-250x208.png 250w, https:\/\/www.oignon-de-roscoff.fr\/wp-content\/uploads\/2019\/04\/cambremer-2019-768x639.png 768w, https:\/\/www.oignon-de-roscoff.fr\/wp-content\/uploads\/2019\/04\/cambremer-2019-700x583.png 700w, https:\/\/www.oignon-de-roscoff.fr\/wp-content\/uploads\/2019\/04\/cambremer-2019.png 776w\" sizes=\"(max-width: 250px) 100vw, 250px\" \/><\/p>\n<p><span style=\"color: #23282d; font-size: 1.4em; font-weight: 600;\"><a href=\"https:\/\/www.festivaldesaocaop.fr\/\">Festival des AOC AOP<\/a> : <\/span><span style=\"font-size: 1.4em; font-weight: 600; color: #000000;\">4 &amp; 5 mai 2019, \u00e0 Cambremer en Normandie<\/span><\/p>\n<h3><span style=\"color: #ffffff;\">.<\/span><\/h3>\n<h3><span style=\"color: #ffffff;\">.<\/span><\/h3>\n<\/p>\n<h3><a href=\"https:\/\/www.salon-agriculture.com\/\">Salon International de l&#8217;Agriculture 2019<\/a> : 28 f\u00e9vrier &amp; 1er mars 2019<\/h3>\n<p><img loading=\"lazy\" decoding=\"async\" class=\" wp-image-597 alignleft\" src=\"https:\/\/www.oignon-de-roscoff.fr\/wp-content\/uploads\/2019\/01\/salon_agriculture_paris-_sia-2019-250x141.jpg\" alt=\"AFFICHE SIA 2019\" width=\"262\" height=\"148\" srcset=\"https:\/\/www.oignon-de-roscoff.fr\/wp-content\/uploads\/2019\/01\/salon_agriculture_paris-_sia-2019-250x141.jpg 250w, https:\/\/www.oignon-de-roscoff.fr\/wp-content\/uploads\/2019\/01\/salon_agriculture_paris-_sia-2019-768x432.jpg 768w, https:\/\/www.oignon-de-roscoff.fr\/wp-content\/uploads\/2019\/01\/salon_agriculture_paris-_sia-2019-700x393.jpg 700w, https:\/\/www.oignon-de-roscoff.fr\/wp-content\/uploads\/2019\/01\/salon_agriculture_paris-_sia-2019.jpg 870w\" sizes=\"(max-width: 262px) 100vw, 262px\" \/><\/p>\n<p>Cliquez pour en\u00a0 savoir plus :<\/p>\n<ul>\n<li><a href=\"https:\/\/www.salon-agriculture.com\/\">www.salon-agriculture.com<\/a><\/li>\n<li><a href=\"https:\/\/www.salon-agriculture.com\/Catalogue-2017\/Liste-des-marques\/TERRES-MERS-DE-BRETAGNE\">stand Terres et Mers de Bretagne<\/a><\/li>\n<li><a href=\"http:\/\/www.savourezlabretagne.com\">Chambre d&#8217;Agriculture de Bretagne : savourezlabretagne.com<\/a><\/li>\n<\/ul>\n<p>Paris, parc des expositions de la Porte de Versailles &#8211; Hall 3 Espace Bretagne<\/p>\n<h3>Janvier 2019 : retrouvez l&#8217;Oignon de Roscoff dans les colonnes du T\u00e9l\u00e9gramme !<\/h3>\n<p><img loading=\"lazy\" decoding=\"async\" class=\" wp-image-570 alignleft\" src=\"https:\/\/www.oignon-de-roscoff.fr\/wp-content\/uploads\/2018\/12\/EMAILING-OIGNON-DE-ROSCOFF-250x133.jpg\" alt=\"\" width=\"284\" height=\"151\" srcset=\"https:\/\/www.oignon-de-roscoff.fr\/wp-content\/uploads\/2018\/12\/EMAILING-OIGNON-DE-ROSCOFF-250x133.jpg 250w, https:\/\/www.oignon-de-roscoff.fr\/wp-content\/uploads\/2018\/12\/EMAILING-OIGNON-DE-ROSCOFF-768x407.jpg 768w, https:\/\/www.oignon-de-roscoff.fr\/wp-content\/uploads\/2018\/12\/EMAILING-OIGNON-DE-ROSCOFF-700x371.jpg 700w, https:\/\/www.oignon-de-roscoff.fr\/wp-content\/uploads\/2018\/12\/EMAILING-OIGNON-DE-ROSCOFF.jpg 1683w\" sizes=\"(max-width: 284px) 100vw, 284px\" \/><\/p>\n<p>3 recettes de chef \u00e0 d\u00e9couvrir dans notre page\u00a0<a href=\"https:\/\/www.oignon-de-roscoff.fr\/index.php\/2017\/05\/14\/recette-oignon-roscoff\/\">recettes<\/a>\u00a0!<\/p>\n<ul>\n<li><strong>Soupe \u00e0 l&#8217;Oignon de Roscoff<\/strong><\/li>\n<li><strong>Oignons de Roscoff farcis au canard confit et c\u00e9leri<\/strong><\/li>\n<li><strong>Cr\u00e8me d&#8217;Oignon de Roscoff au parmesan et jambon cru fum\u00e9<\/strong><\/li>\n<\/ul>\n<p><a href=\"https:\/\/www.letelegramme.fr\">https:\/\/www.letelegramme.fr<\/a><\/p>\n<h2>\u00a0<\/h2>\n<h3><img loading=\"lazy\" decoding=\"async\" class=\"wp-image-553 alignleft\" src=\"https:\/\/www.oignon-de-roscoff.fr\/wp-content\/uploads\/2018\/07\/FOR18-Affiche-250x347.jpg\" alt=\"Affiche Oignon de Roscoff AOP\" width=\"236\" height=\"327\" srcset=\"https:\/\/www.oignon-de-roscoff.fr\/wp-content\/uploads\/2018\/07\/FOR18-Affiche-250x347.jpg 250w, https:\/\/www.oignon-de-roscoff.fr\/wp-content\/uploads\/2018\/07\/FOR18-Affiche-768x1066.jpg 768w, https:\/\/www.oignon-de-roscoff.fr\/wp-content\/uploads\/2018\/07\/FOR18-Affiche-700x972.jpg 700w\" sizes=\"(max-width: 236px) 100vw, 236px\" \/><\/h3>\n<h3>\u00a0<\/h3>\n<h3>F\u00eate de l\u2019Oignon de Roscoff : <b>18 &amp; 19 ao\u00fbt 2018<\/b><\/h3>\n<h3><span style=\"color: #ffffff;\">\u00a0.<\/span><\/h3>\n<h3><span style=\"color: #ffffff;\">\u00a0.<\/span><\/h3>\n<h3><span style=\"color: #ffffff;\">\u00a0.<\/span><\/h3>\n<h3><span style=\"color: #ffffff;\">\u00a0.<\/span><\/h3>\n<\/p>\n<h1><span style=\"color: #ffffff;\">.<\/span><\/h1>\n<\/p>\n<p><img loading=\"lazy\" decoding=\"async\" class=\"size-medium wp-image-524 alignleft\" src=\"https:\/\/www.oignon-de-roscoff.fr\/wp-content\/uploads\/2018\/04\/BIG-festival-les-rencontres-de-cambremer-2018-250x139.png\" alt=\"\" width=\"250\" height=\"139\" srcset=\"https:\/\/www.oignon-de-roscoff.fr\/wp-content\/uploads\/2018\/04\/BIG-festival-les-rencontres-de-cambremer-2018-250x139.png 250w, https:\/\/www.oignon-de-roscoff.fr\/wp-content\/uploads\/2018\/04\/BIG-festival-les-rencontres-de-cambremer-2018.png 520w\" sizes=\"(max-width: 250px) 100vw, 250px\" \/><\/p>\n<h3>Rendez-vous aux <a href=\"http:\/\/www.lesrencontresdecambremer.fr\/\">rencontres de Cambremer<\/a>, festival des AOC et des AOP les 5 &amp; 6 mai prochains en Normandie<\/h3>\n<p>Cliquez pour en\u00a0 savoir plus :\u00a0<a href=\"http:\/\/www.lesrencontresdecambremer.fr\/\">http:\/\/www.lesrencontresdecambremer.fr\/<\/a><\/p>\n<h3>\u00a0<\/h3>\n<p><img loading=\"lazy\" decoding=\"async\" class=\"wp-image-520 alignleft\" src=\"https:\/\/www.oignon-de-roscoff.fr\/wp-content\/uploads\/2018\/02\/salonagriculture2018-250x375.jpg\" alt=\"salonagriculture2018 SIA Oignon de Roscoff\" width=\"245\" height=\"368\" srcset=\"https:\/\/www.oignon-de-roscoff.fr\/wp-content\/uploads\/2018\/02\/salonagriculture2018-250x375.jpg 250w, https:\/\/www.oignon-de-roscoff.fr\/wp-content\/uploads\/2018\/02\/salonagriculture2018.jpg 473w\" sizes=\"(max-width: 245px) 100vw, 245px\" \/><\/p>\n<h3><a href=\"https:\/\/www.salon-agriculture.com\/\">Salon International de l&#8217;Agriculture 2018<\/a> le jeudi 1er mars 2018<\/h3>\n<p>Paris, parc des expositions de la Porte de Versailles &#8211; Hall 3 -Stand Terres et Mers de la Chambre d&#8217;Agriculture de Bretagne<\/p>\n<p><img loading=\"lazy\" decoding=\"async\" class=\" wp-image-521\" src=\"https:\/\/www.oignon-de-roscoff.fr\/wp-content\/uploads\/2018\/02\/marque_img_1119046_catalogue_fiche_marque_logo_sia_2018_fre.jpg\" alt=\"terres et mers de bretagne SIA 2018 Oignon de Roscoff\" width=\"133\" height=\"94\" \/><\/p>\n<p>Cliquez pour en\u00a0 savoir plus :<\/p>\n<ul>\n<li><a href=\"https:\/\/www.salon-agriculture.com\/\">www.salon-agriculture.com<\/a><\/li>\n<li><a href=\"https:\/\/www.salon-agriculture.com\/Catalogue-2017\/Liste-des-marques\/TERRES-MERS-DE-BRETAGNE\">stand Terres et Mers de Bretagne<\/a><\/li>\n<li><a href=\"http:\/\/www.savourezlabretagne.com\">Chambre d&#8217;Agriculture de Bretagne : savourezlabretagne.com<\/a><span style=\"color: #ffffff;\">\u00a0.<\/span><\/li>\n<\/ul>\n<h3><span style=\"color: #ffffff;\">\u00a0<\/span><\/h3>\n<p><img loading=\"lazy\" decoding=\"async\" class=\" wp-image-273 alignleft\" src=\"https:\/\/www.oignon-de-roscoff.fr\/wp-content\/uploads\/2017\/05\/affiche-fe\u0302te-oignon-roscoff-2017.png\" alt=\"\" width=\"245\" height=\"366\" srcset=\"https:\/\/www.oignon-de-roscoff.fr\/wp-content\/uploads\/2017\/05\/affiche-fe\u0302te-oignon-roscoff-2017.png 343w, https:\/\/www.oignon-de-roscoff.fr\/wp-content\/uploads\/2017\/05\/affiche-fe\u0302te-oignon-roscoff-2017-250x372.png 250w\" sizes=\"(max-width: 245px) 100vw, 245px\" \/><\/p>\n<h3>\u00a0<\/h3>\n<h3>F\u00eate de l\u2019Oignon de Roscoff : <b> 19 &amp; 20 ao\u00fbt 2017\u00a0<\/b><\/h3>\n<\/p>\n<h3><span style=\"color: #ffffff;\">\u00a0.<\/span><\/h3>\n<h3>\u00a0<\/h3>\n<h3><span style=\"color: #ffffff;\">\u00a0.<\/span><\/h3>\n<h3><span style=\"color: #ffffff;\">\u00a0.<\/span><\/h3>\n<h3>\u00a0<\/h3>\n<\/p>\n<h3><img loading=\"lazy\" decoding=\"async\" class=\"alignleft wp-image-344\" src=\"https:\/\/www.oignon-de-roscoff.fr\/wp-content\/uploads\/2017\/05\/affiche-concours-photo.jpg\" alt=\"\" width=\"246\" height=\"349\" \/>A vos appareils photos !<\/h3>\n<p>La ville de Roscoff organise <strong>un <a href=\"http:\/\/www.roscoff.fr\/\">concours photo<\/a><\/strong> jusqu&#8217;au 15 septembre 2017.<\/p>\n<p><strong>Le th\u00e8me du concours est &#8220;L&#8217;oignon de Roscoff&#8221;.<\/strong><\/p>\n<p>Les participants peuvent r\u00e9aliser jusqu\u2019\u00e0 3 clich\u00e9(s) sur 3 th\u00e9matiques diff\u00e9rentes :<\/p>\n<ul>\n<li>L\u2019oignon en f\u00eate<\/li>\n<li>Une culture : des hommes et des femmes<\/li>\n<li>La cuisine aux p\u2019tits oignons<\/li>\n<\/ul>\n<p>Ces photos feront l&#8217;objet d&#8217;une exposition et d&#8217;une remise de prix.<\/p>\n<p>Un concours enfant est \u00e9galement pr\u00e9vu en parall\u00e8le.<\/p>\n<p>R\u00e8glement et informations sur\u00a0<a href=\"http:\/\/www.roscoff.fr\/\" target=\"_blank\" rel=\"nofollow noopener noreferrer\">www.roscoff.fr<\/a><\/p>\n<h3><span style=\"color: #ffffff;\">\u00a0.<\/span><\/h3>\n\n\n<p><\/p>\n\n\n\n\n\n\n\n\n\n\n\n\n\n<figure class=\"wp-block-gallery has-nested-images columns-default is-cropped wp-block-gallery-1 is-layout-flex wp-block-gallery-is-layout-flex\"><\/figure>\n\n\n\n\n\n\n\n\n\n\n\n\n\n\n\n\n\n\n\n<figure class=\"wp-block-image\"><img loading=\"lazy\" decoding=\"async\" width=\"1920\" height=\"650\" src=\"https:\/\/www.oignon-de-roscoff.fr\/wp-content\/uploads\/2024\/04\/Festival-Cambremer-2024-Banniere-Web-1920x650px.png\" alt=\"\" class=\"wp-image-1143\" srcset=\"https:\/\/www.oignon-de-roscoff.fr\/wp-content\/uploads\/2024\/04\/Festival-Cambremer-2024-Banniere-Web-1920x650px.png 1920w, https:\/\/www.oignon-de-roscoff.fr\/wp-content\/uploads\/2024\/04\/Festival-Cambremer-2024-Banniere-Web-1920x650px-250x85.png 250w, https:\/\/www.oignon-de-roscoff.fr\/wp-content\/uploads\/2024\/04\/Festival-Cambremer-2024-Banniere-Web-1920x650px-700x237.png 700w, https:\/\/www.oignon-de-roscoff.fr\/wp-content\/uploads\/2024\/04\/Festival-Cambremer-2024-Banniere-Web-1920x650px-768x260.png 768w, https:\/\/www.oignon-de-roscoff.fr\/wp-content\/uploads\/2024\/04\/Festival-Cambremer-2024-Banniere-Web-1920x650px-1536x520.png 1536w\" sizes=\"(max-width: 1920px) 100vw, 1920px\" \/><\/figure>\n\n\n\n\n\n\n\n\n\n<div class=\"wp-block-media-text is-stacked-on-mobile\"><figure class=\"wp-block-media-text__media\"><\/figure><div class=\"wp-block-media-text__content\">\n<p><\/p>\n<\/div><\/div>\n\n\n\n<div class=\"wp-block-media-text is-stacked-on-mobile\"><figure class=\"wp-block-media-text__media\"><\/figure><div class=\"wp-block-media-text__content\">\n<p><\/p>\n<\/div><\/div>\n\n\n\n<div class=\"wp-block-media-text is-stacked-on-mobile\"><figure class=\"wp-block-media-text__media\"><\/figure><div class=\"wp-block-media-text__content\">\n<p><\/p>\n<\/div><\/div>\n\n\n\n<div class=\"wp-block-media-text is-stacked-on-mobile\"><figure class=\"wp-block-media-text__media\"><\/figure><div class=\"wp-block-media-text__content\">\n<p><\/p>\n<\/div><\/div>\n\n\n\n<div class=\"wp-block-media-text is-stacked-on-mobile\"><figure class=\"wp-block-media-text__media\"><\/figure><div class=\"wp-block-media-text__content\">\n<p><\/p>\n<\/div><\/div>\n\n\n\n<figure class=\"wp-block-gallery has-nested-images columns-default is-cropped wp-block-gallery-2 is-layout-flex wp-block-gallery-is-layout-flex\"><\/figure>\n\n\n\n\n\n\n\n\n\n<figure class=\"wp-block-gallery has-nested-images columns-default is-cropped wp-block-gallery-3 is-layout-flex wp-block-gallery-is-layout-flex\"><\/figure>\n\n\n\n<figure class=\"wp-block-gallery has-nested-images columns-default is-cropped wp-block-gallery-4 is-layout-flex wp-block-gallery-is-layout-flex\"><\/figure>\n\n\n\n<figure class=\"wp-block-image\"><img loading=\"lazy\" decoding=\"async\" width=\"1920\" height=\"650\" src=\"https:\/\/www.oignon-de-roscoff.fr\/wp-content\/uploads\/2024\/04\/Festival-Cambremer-2024-Banniere-Web-1920x650px.png\" alt=\"\" class=\"wp-image-1143\" srcset=\"https:\/\/www.oignon-de-roscoff.fr\/wp-content\/uploads\/2024\/04\/Festival-Cambremer-2024-Banniere-Web-1920x650px.png 1920w, https:\/\/www.oignon-de-roscoff.fr\/wp-content\/uploads\/2024\/04\/Festival-Cambremer-2024-Banniere-Web-1920x650px-250x85.png 250w, https:\/\/www.oignon-de-roscoff.fr\/wp-content\/uploads\/2024\/04\/Festival-Cambremer-2024-Banniere-Web-1920x650px-700x237.png 700w, https:\/\/www.oignon-de-roscoff.fr\/wp-content\/uploads\/2024\/04\/Festival-Cambremer-2024-Banniere-Web-1920x650px-768x260.png 768w, https:\/\/www.oignon-de-roscoff.fr\/wp-content\/uploads\/2024\/04\/Festival-Cambremer-2024-Banniere-Web-1920x650px-1536x520.png 1536w\" sizes=\"(max-width: 1920px) 100vw, 1920px\" \/><\/figure>\n\n\n\n<p><\/p>\n\n\n\n\n\n\n","protected":false},"excerpt":{"rendered":"<p>F\u00eate de l&#8217;Oignon de ROSCOFF 2024 : 23 &amp; 24 AO\u00dbT F\u00eate (&#8230;) <a class=\"post_read_more\" href=\"https:\/\/www.oignon-de-roscoff.fr\/index.php\/nos-actualites\/\">Lire la suite<\/a><\/p>\n","protected":false},"author":1,"featured_media":597,"parent":0,"menu_order":0,"comment_status":"closed","ping_status":"closed","template":"","meta":{"footnotes":""},"class_list":["post-113","page","type-page","status-publish","has-post-thumbnail","hentry"],"_links":{"self":[{"href":"https:\/\/www.oignon-de-roscoff.fr\/index.php\/wp-json\/wp\/v2\/pages\/113"}],"collection":[{"href":"https:\/\/www.oignon-de-roscoff.fr\/index.php\/wp-json\/wp\/v2\/pages"}],"about":[{"href":"https:\/\/www.oignon-de-roscoff.fr\/index.php\/wp-json\/wp\/v2\/types\/page"}],"author":[{"embeddable":true,"href":"https:\/\/www.oignon-de-roscoff.fr\/index.php\/wp-json\/wp\/v2\/users\/1"}],"replies":[{"embeddable":true,"href":"https:\/\/www.oignon-de-roscoff.fr\/index.php\/wp-json\/wp\/v2\/comments?post=113"}],"version-history":[{"count":120,"href":"https:\/\/www.oignon-de-roscoff.fr\/index.php\/wp-json\/wp\/v2\/pages\/113\/revisions"}],"predecessor-version":[{"id":1189,"href":"https:\/\/www.oignon-de-roscoff.fr\/index.php\/wp-json\/wp\/v2\/pages\/113\/revisions\/1189"}],"wp:featuredmedia":[{"embeddable":true,"href":"https:\/\/www.oignon-de-roscoff.fr\/index.php\/wp-json\/wp\/v2\/media\/597"}],"wp:attachment":[{"href":"https:\/\/www.oignon-de-roscoff.fr\/index.php\/wp-json\/wp\/v2\/media?parent=113"}],"curies":[{"name":"wp","href":"https:\/\/api.w.org\/{rel}","templated":true}]}}