{"id":403,"date":"2017-11-20T15:50:38","date_gmt":"2017-11-20T14:50:38","guid":{"rendered":"https:\/\/www.oignon-de-roscoff.fr\/?page_id=403"},"modified":"2017-11-30T22:11:52","modified_gmt":"2017-11-30T21:11:52","slug":"confrerie","status":"publish","type":"page","link":"https:\/\/www.oignon-de-roscoff.fr\/index.php\/confrerie\/","title":{"rendered":"Confr\u00e9rie"},"content":{"rendered":"<h2 style=\"text-align: left;\">La confr\u00e9rie de l\u2019Oignon de Roscoff<\/h2>\n<p>&nbsp;<\/p>\n<p><img loading=\"lazy\" decoding=\"async\" class=\"wp-image-363 aligncenter\" src=\"https:\/\/www.oignon-de-roscoff.fr\/wp-content\/uploads\/2017\/05\/attachment-30.jpeg\" alt=\"\" width=\"406\" height=\"422\" srcset=\"https:\/\/www.oignon-de-roscoff.fr\/wp-content\/uploads\/2017\/05\/attachment-30.jpeg 2603w, https:\/\/www.oignon-de-roscoff.fr\/wp-content\/uploads\/2017\/05\/attachment-30-250x260.jpeg 250w, https:\/\/www.oignon-de-roscoff.fr\/wp-content\/uploads\/2017\/05\/attachment-30-768x798.jpeg 768w, https:\/\/www.oignon-de-roscoff.fr\/wp-content\/uploads\/2017\/05\/attachment-30-700x727.jpeg 700w\" sizes=\"(max-width: 406px) 100vw, 406px\" \/><\/p>\n<p>&nbsp;<\/p>\n<p><b>Naissance d\u2019une confr\u00e9rie pour d\u00e9fendre l\u2019Oignon de Roscoff<\/b><img loading=\"lazy\" decoding=\"async\" class=\"alignright wp-image-298\" src=\"https:\/\/www.oignon-de-roscoff.fr\/wp-content\/uploads\/2017\/05\/partanires-Johnnies.jpg\" alt=\"\" width=\"167\" height=\"235\" \/><\/p>\n<p>La Confr\u00e9rie de l\u2019Oignon de Roscoff a \u00e9t\u00e9 cr\u00e9\u00e9e le 22 ao\u00fbt 2010 apr\u00e8s l\u2019obtention, fin 2009, du label \u00ab\u00a0Appellation d\u2019Origine Contr\u00f4l\u00e9e\u00a0\u00bb au terme de <a href=\"https:\/\/www.oignon-de-roscoff.fr\/index.php\/2017\/05\/16\/histoire-johnnies-roscoff\/\">20 ann\u00e9es de bataille<\/a> par le syndicat pr\u00e9sid\u00e9 par Robert JEZEQUEL.<\/p>\n<p>C\u2019est ce producteur de Lanhouarneau qui fut install\u00e9 \u00ab\u00a0Grand Ma\u00eetre\u00a0\u00bb fondateur de la confr\u00e9rie \u00a0par Alain JACQ, Grand Ma\u00eetre de la <a href=\"http:\/\/confrerie-artichaut-bretagne.blogspot.fr\/\">Confr\u00e9rie de l\u2019Artichaut<\/a><\/p>\n<h3><b>R\u00f4le et composition<\/b><\/h3>\n<p>Ses membres s\u2019engagent \u00e0 d\u00e9fendre et \u00e0 promouvoir l\u2019Oignon de Roscoff.<\/p>\n<p><img loading=\"lazy\" decoding=\"async\" class=\" wp-image-300 alignleft\" src=\"https:\/\/www.oignon-de-roscoff.fr\/wp-content\/uploads\/2017\/05\/partenaires-confrerie-oignon.jpg\" alt=\"\" width=\"305\" height=\"176\" \/>Elle compte, aujourd\u2019hui une quarantaine de membres, repr\u00e9sentants le monde agricole, politique, \u00e9conomique, la soci\u00e9t\u00e9 civile et <a href=\"https:\/\/www.oignon-de-roscoff.fr\/index.php\/2017\/05\/16\/histoire-johnnies-roscoff\/\">les Johnnies<\/a> dont l\u2019\u00e9pop\u00e9e est indissociable de l\u2019Oignon de Roscoff.<\/p>\n<p>La Confr\u00e9rie de l\u2019Oignon effectue de nombreux d\u00e9placements pour effectuer la promotion de l\u2019Oignon de Roscoff (foires, salons\u2026). Elle participe \u00e9galement \u00e0 de nombreuses f\u00eates locales et d\u00e9file aux c\u00f4t\u00e9s d\u2019autres confr\u00e9ries.<\/p>\n<p>Chaque ann\u00e9e, \u00e0 l\u2019occasion de la F\u00eate de l\u2019Oignon de Roscoff (avant-dernier week-end d\u2019ao\u00fbt), de nouveaux membres sont intronis\u00e9s.<\/p>\n<h3><b>Le costume<\/b><img loading=\"lazy\" decoding=\"async\" class=\"alignright wp-image-303\" src=\"https:\/\/www.oignon-de-roscoff.fr\/wp-content\/uploads\/2017\/05\/partenaires-confrerie-oignon3.jpg\" alt=\"\" width=\"248\" height=\"151\" \/><\/h3>\n<p>La tenue est caract\u00e9ris\u00e9e par une veste dont le mod\u00e8le a \u00e9t\u00e9 rep\u00e9r\u00e9 \u00e0 l\u2019occasion d\u2019une vente aux ench\u00e8res d\u00e9but juillet 2010. Cette veste datant de 1811 a \u00e9t\u00e9 choisi car elle incarne le Roscoff du XIX\u00e8me si\u00e8cle, son pass\u00e9 maritime et le d\u00e9but de l\u2019\u00e9poque des Johnnies lien \u00e0 mettre vers histoire, \u00ab\u00a0des moines capucins\u00a0\u00bb).<\/p>\n<p>Cette redingote a \u00e9t\u00e9 reproduite \u00e0 l\u2019identique pour les besoins du costume de la Confr\u00e9rie. Seules les couleurs des broderies ont \u00e9t\u00e9 modifi\u00e9es : le rouge a \u00e9t\u00e9 remplac\u00e9 par le magenta, couleur du logo de l\u2019Oignon de Roscoff.<\/p>\n<p><b><img loading=\"lazy\" decoding=\"async\" class=\"alignleft wp-image-304\" src=\"https:\/\/www.oignon-de-roscoff.fr\/wp-content\/uploads\/2017\/05\/partenaires-confrerie-oignon2.jpg\" alt=\"\" width=\"285\" height=\"381\" \/>Redingote<\/b> : drap de laine noir \u00e0 broderies magenta dont un oignon stylis\u00e9 sur la poitrine c\u00f4t\u00e9 gauche. Doublure bleue (couleur de la ville de Roscoff)<\/p>\n<p><b>Chemise<\/b> : en coton blanc \u00e0 col officier<\/p>\n<p><b>Pantalon<\/b> : droit noir<\/p>\n<p><b>B\u00e9ret<\/b> : en laine noire, brod\u00e9 d\u2019un oignon stylis\u00e9 magenta.<\/p>\n<p><b>Chapeau<\/b> : pour le Grand Ma\u00eetre et les Grands Chambellans.<\/p>\n<p><b>Foulard<\/b> : en soie magenta pour les femmes et en soie bleue pour les hommes.<\/p>\n<p><i>L\u2019int\u00e9gralit\u00e9 des costumes (vestes, chemises, pantalons, couvre-chef et foulards) ainsi que la banni\u00e8re de la Confr\u00e9rie de l\u2019Oignon de Roscoff sont gracieusement offert par Jean Guy Le Floch, PDG de la\u00a0<a href=\"https:\/\/www.armorlux.com\/fr\/content\/19-presentation-et-historique-de-la-societe\"> soci\u00e9t\u00e9 Armor Lux <\/a><\/i><i>et membre de la Confr\u00e9rie.<\/i><\/p>\n","protected":false},"excerpt":{"rendered":"<p>La confr\u00e9rie de l\u2019Oignon de Roscoff &nbsp; &nbsp; Naissance d\u2019une confr\u00e9rie pour (&#8230;) <a class=\"post_read_more\" href=\"https:\/\/www.oignon-de-roscoff.fr\/index.php\/confrerie\/\">Lire la suite<\/a><\/p>\n","protected":false},"author":1,"featured_media":363,"parent":0,"menu_order":0,"comment_status":"closed","ping_status":"closed","template":"","meta":{"footnotes":""},"class_list":["post-403","page","type-page","status-publish","has-post-thumbnail","hentry"],"_links":{"self":[{"href":"https:\/\/www.oignon-de-roscoff.fr\/index.php\/wp-json\/wp\/v2\/pages\/403"}],"collection":[{"href":"https:\/\/www.oignon-de-roscoff.fr\/index.php\/wp-json\/wp\/v2\/pages"}],"about":[{"href":"https:\/\/www.oignon-de-roscoff.fr\/index.php\/wp-json\/wp\/v2\/types\/page"}],"author":[{"embeddable":true,"href":"https:\/\/www.oignon-de-roscoff.fr\/index.php\/wp-json\/wp\/v2\/users\/1"}],"replies":[{"embeddable":true,"href":"https:\/\/www.oignon-de-roscoff.fr\/index.php\/wp-json\/wp\/v2\/comments?post=403"}],"version-history":[{"count":3,"href":"https:\/\/www.oignon-de-roscoff.fr\/index.php\/wp-json\/wp\/v2\/pages\/403\/revisions"}],"predecessor-version":[{"id":451,"href":"https:\/\/www.oignon-de-roscoff.fr\/index.php\/wp-json\/wp\/v2\/pages\/403\/revisions\/451"}],"wp:featuredmedia":[{"embeddable":true,"href":"https:\/\/www.oignon-de-roscoff.fr\/index.php\/wp-json\/wp\/v2\/media\/363"}],"wp:attachment":[{"href":"https:\/\/www.oignon-de-roscoff.fr\/index.php\/wp-json\/wp\/v2\/media?parent=403"}],"curies":[{"name":"wp","href":"https:\/\/api.w.org\/{rel}","templated":true}]}}